{"id":2501,"date":"2023-05-12T13:29:57","date_gmt":"2023-05-12T13:29:57","guid":{"rendered":"faifaculdade.com.br\/portal\/?page_id=2501"},"modified":"2023-05-12T14:25:05","modified_gmt":"2023-05-12T14:25:05","slug":"secretaria-academica","status":"publish","type":"page","link":"https:\/\/faifaculdade.com.br\/portal\/secretaria-academica\/","title":{"rendered":"Secretaria Acad\u00eamica"},"content":{"rendered":"\t\t<div data-elementor-type=\"wp-page\" data-elementor-id=\"2501\" class=\"elementor elementor-2501\">\n\t\t\t\t\t\t<section class=\"elementor-section elementor-top-section elementor-element elementor-element-1be48988 elementor-section-boxed elementor-section-height-default elementor-section-height-default\" data-id=\"1be48988\" data-element_type=\"section\">\n\t\t\t\t\t\t<div class=\"elementor-container elementor-column-gap-default\">\n\t\t\t\t\t<div class=\"elementor-column elementor-col-100 elementor-top-column elementor-element elementor-element-5bdcdd7d\" data-id=\"5bdcdd7d\" data-element_type=\"column\">\n\t\t\t<div class=\"elementor-widget-wrap elementor-element-populated\">\n\t\t\t\t\t\t<div class=\"elementor-element elementor-element-569af1b0 elementor-widget elementor-widget-text-editor\" data-id=\"569af1b0\" data-element_type=\"widget\" data-widget_type=\"text-editor.default\">\n\t\t\t\t<div class=\"elementor-widget-container\">\n\t\t\t\t\t\t\t\t\t\n<p style=\"text-align: justify;\"><strong>Secretaria Acad\u00eamica<\/strong><\/p>\n<p style=\"text-align: justify;\"><strong>O que \u00e9 o espa\u00e7o?<\/strong><\/p>\n\n<p style=\"text-align: justify;\"><strong>Secretaria Acad\u00eamica<\/strong>\u00a0\u00e9 o departamento que estrutura todas as atividades referentes \u00e0 vida acad\u00eamica do discente, sendo esta iniciada a partir do ingresso do aluno at\u00e9 a etapa de conclus\u00e3o de curso, incluindo a expedi\u00e7\u00e3o do diploma.<\/p>\n\n<p style=\"text-align: justify;\"><br \/><strong>Qual a sua finalidade?<\/strong><\/p>\n\n<p style=\"text-align: justify;\">Estabelecer e promover estrat\u00e9gias que garantam a qualidade nos procedimentos disponibilizados \u00e0 comunidade acad\u00eamica interna e externa, contribuindo para o desenvolvimento da IES.<\/p>\n\n<p style=\"text-align: justify;\"><br \/><strong>Quais servi\u00e7os s\u00e3o ofertados?<\/strong><\/p>\n\n<p style=\"text-align: justify;\"><strong>COMPETE \u00c0 SECRETARIA ACAD\u00caMICA:<\/strong><\/p>\n\n<ul>\n<li style=\"text-align: justify;\">Organizar e manter atualizado o arquivo de documentos do Acad\u00eamico, Di\u00e1rios de Classe, Calend\u00e1rios, Hor\u00e1rio de Aula, Modelos de documenta\u00e7\u00f5es utilizadas, documentos pertinentes \u00e0 vida acad\u00eamica, c\u00f3pia dos registros de diplomas e outros;<\/li>\n<li style=\"text-align: justify;\">Emitir toda a documenta\u00e7\u00e3o referente \u00e0 vida acad\u00eamica do corpo discente, como: Declara\u00e7\u00f5es, Guia de Transfer\u00eancia, Hist\u00f3ricos, e outros;<\/li>\n<li style=\"text-align: justify;\">Expedir Diplomas e Certificados;<\/li>\n<li style=\"text-align: justify;\">Prestar assessoria aos demais setores em mat\u00e9ria de sua compet\u00eancia, como fornecer informa\u00e7\u00f5es para controle de relat\u00f3rios, question\u00e1rios, consultas e outros;<\/li>\n<li style=\"text-align: justify;\">Coordenar os processos de solicita\u00e7\u00e3o de matr\u00edculas, trancamentos e quaisquer outros referentes \u00e0 vida acad\u00eamica do corpo discente.<\/li>\n<li style=\"text-align: justify;\">Coordenar o processo de matr\u00edcula\/rematr\u00edcula dos alunos;<\/li>\n<li style=\"text-align: justify;\">Coordenar o arquivo de alunos ingressantes, assim como a manuten\u00e7\u00e3o e desenvolvimento dos arquivos;<\/li>\n<li style=\"text-align: justify;\">Coordenar as atividades de registro de resultados da avalia\u00e7\u00e3o dos segmentos discentes, em parceria com a Dire\u00e7\u00e3o de ensino e Coordena\u00e7\u00e3o Pedag\u00f3gica, mantendo o controle acad\u00eamico atualizado.\u00a0<\/li>\n<\/ul>\n\t\t\t\t\t\t\t\t<\/div>\n\t\t\t\t<\/div>\n\t\t\t\t\t<\/div>\n\t\t<\/div>\n\t\t\t\t\t<\/div>\n\t\t<\/section>\n\t\t\t\t<\/div>\n\t\t","protected":false},"excerpt":{"rendered":"<p>Secretaria Acad\u00eamica O que \u00e9 o espa\u00e7o? Secretaria Acad\u00eamica\u00a0\u00e9 o departamento que estrutura todas as atividades referentes \u00e0 vida acad\u00eamica<\/p>\n","protected":false},"author":1,"featured_media":0,"parent":0,"menu_order":0,"comment_status":"closed","ping_status":"closed","template":"","meta":{"_editorskit_title_hidden":false,"_editorskit_reading_time":0,"_editorskit_is_block_options_detached":false,"_editorskit_block_options_position":"{}","footnotes":""},"class_list":["post-2501","page","type-page","status-publish","hentry"],"yoast_head":"<!-- This site is optimized with the Yoast SEO plugin v25.3 - https:\/\/yoast.com\/wordpress\/plugins\/seo\/ -->\n<title>Secretaria Acad\u00eamica - FAI - Faculdade Irec\u00ea<\/title>\n<meta name=\"robots\" content=\"index, follow, max-snippet:-1, max-image-preview:large, max-video-preview:-1\" \/>\n<link rel=\"canonical\" href=\"https:\/\/faifaculdade.com.br\/portal\/secretaria-academica\/\" \/>\n<meta property=\"og:locale\" content=\"pt_BR\" \/>\n<meta property=\"og:type\" content=\"article\" \/>\n<meta property=\"og:title\" content=\"Secretaria Acad\u00eamica - FAI - Faculdade Irec\u00ea\" \/>\n<meta property=\"og:description\" content=\"Secretaria Acad\u00eamica O que \u00e9 o espa\u00e7o? Secretaria Acad\u00eamica\u00a0\u00e9 o departamento que estrutura todas as atividades referentes \u00e0 vida acad\u00eamica\" \/>\n<meta property=\"og:url\" content=\"https:\/\/faifaculdade.com.br\/portal\/secretaria-academica\/\" \/>\n<meta property=\"og:site_name\" content=\"FAI - Faculdade Irec\u00ea\" \/>\n<meta property=\"article:publisher\" content=\"https:\/\/www.facebook.com\/faifaculdade\" \/>\n<meta property=\"article:modified_time\" content=\"2023-05-12T14:25:05+00:00\" \/>\n<meta name=\"twitter:card\" content=\"summary_large_image\" \/>\n<meta name=\"twitter:label1\" content=\"Est. tempo de leitura\" \/>\n\t<meta name=\"twitter:data1\" content=\"1 minuto\" \/>\n<script type=\"application\/ld+json\" class=\"yoast-schema-graph\">{\"@context\":\"https:\/\/schema.org\",\"@graph\":[{\"@type\":\"WebPage\",\"@id\":\"https:\/\/faifaculdade.com.br\/portal\/secretaria-academica\/\",\"url\":\"https:\/\/faifaculdade.com.br\/portal\/secretaria-academica\/\",\"name\":\"Secretaria Acad\u00eamica - FAI - Faculdade Irec\u00ea\",\"isPartOf\":{\"@id\":\"https:\/\/faifaculdade.com.br\/portal\/#website\"},\"datePublished\":\"2023-05-12T13:29:57+00:00\",\"dateModified\":\"2023-05-12T14:25:05+00:00\",\"breadcrumb\":{\"@id\":\"https:\/\/faifaculdade.com.br\/portal\/secretaria-academica\/#breadcrumb\"},\"inLanguage\":\"pt-BR\",\"potentialAction\":[{\"@type\":\"ReadAction\",\"target\":[\"https:\/\/faifaculdade.com.br\/portal\/secretaria-academica\/\"]}]},{\"@type\":\"BreadcrumbList\",\"@id\":\"https:\/\/faifaculdade.com.br\/portal\/secretaria-academica\/#breadcrumb\",\"itemListElement\":[{\"@type\":\"ListItem\",\"position\":1,\"name\":\"In\u00edcio\",\"item\":\"https:\/\/faifaculdade.com.br\/portal\/\"},{\"@type\":\"ListItem\",\"position\":2,\"name\":\"Secretaria Acad\u00eamica\"}]},{\"@type\":\"WebSite\",\"@id\":\"https:\/\/faifaculdade.com.br\/portal\/#website\",\"url\":\"https:\/\/faifaculdade.com.br\/portal\/\",\"name\":\"FAI - Faculdade Irec\u00ea\",\"description\":\"Portal da Faculdade Irec\u00ea\",\"publisher\":{\"@id\":\"https:\/\/faifaculdade.com.br\/portal\/#organization\"},\"potentialAction\":[{\"@type\":\"SearchAction\",\"target\":{\"@type\":\"EntryPoint\",\"urlTemplate\":\"https:\/\/faifaculdade.com.br\/portal\/?s={search_term_string}\"},\"query-input\":{\"@type\":\"PropertyValueSpecification\",\"valueRequired\":true,\"valueName\":\"search_term_string\"}}],\"inLanguage\":\"pt-BR\"},{\"@type\":\"Organization\",\"@id\":\"https:\/\/faifaculdade.com.br\/portal\/#organization\",\"name\":\"FAI - Faculdade Irec\u00ea\",\"url\":\"https:\/\/faifaculdade.com.br\/portal\/\",\"logo\":{\"@type\":\"ImageObject\",\"inLanguage\":\"pt-BR\",\"@id\":\"https:\/\/faifaculdade.com.br\/portal\/#\/schema\/logo\/image\/\",\"url\":\"https:\/\/faifaculdade.com.br\/portal\/wp-content\/uploads\/2023\/04\/cropped-FAI.png\",\"contentUrl\":\"https:\/\/faifaculdade.com.br\/portal\/wp-content\/uploads\/2023\/04\/cropped-FAI.png\",\"width\":3000,\"height\":1201,\"caption\":\"FAI - Faculdade Irec\u00ea\"},\"image\":{\"@id\":\"https:\/\/faifaculdade.com.br\/portal\/#\/schema\/logo\/image\/\"},\"sameAs\":[\"https:\/\/www.facebook.com\/faifaculdade\",\"https:\/\/www.instagram.com\/faifaculdade\/\"]}]}<\/script>\n<!-- \/ Yoast SEO plugin. -->","yoast_head_json":{"title":"Secretaria Acad\u00eamica - FAI - Faculdade Irec\u00ea","robots":{"index":"index","follow":"follow","max-snippet":"max-snippet:-1","max-image-preview":"max-image-preview:large","max-video-preview":"max-video-preview:-1"},"canonical":"https:\/\/faifaculdade.com.br\/portal\/secretaria-academica\/","og_locale":"pt_BR","og_type":"article","og_title":"Secretaria Acad\u00eamica - FAI - Faculdade Irec\u00ea","og_description":"Secretaria Acad\u00eamica O que \u00e9 o espa\u00e7o? Secretaria Acad\u00eamica\u00a0\u00e9 o departamento que estrutura todas as atividades referentes \u00e0 vida acad\u00eamica","og_url":"https:\/\/faifaculdade.com.br\/portal\/secretaria-academica\/","og_site_name":"FAI - Faculdade Irec\u00ea","article_publisher":"https:\/\/www.facebook.com\/faifaculdade","article_modified_time":"2023-05-12T14:25:05+00:00","twitter_card":"summary_large_image","twitter_misc":{"Est. tempo de leitura":"1 minuto"},"schema":{"@context":"https:\/\/schema.org","@graph":[{"@type":"WebPage","@id":"https:\/\/faifaculdade.com.br\/portal\/secretaria-academica\/","url":"https:\/\/faifaculdade.com.br\/portal\/secretaria-academica\/","name":"Secretaria Acad\u00eamica - FAI - Faculdade Irec\u00ea","isPartOf":{"@id":"https:\/\/faifaculdade.com.br\/portal\/#website"},"datePublished":"2023-05-12T13:29:57+00:00","dateModified":"2023-05-12T14:25:05+00:00","breadcrumb":{"@id":"https:\/\/faifaculdade.com.br\/portal\/secretaria-academica\/#breadcrumb"},"inLanguage":"pt-BR","potentialAction":[{"@type":"ReadAction","target":["https:\/\/faifaculdade.com.br\/portal\/secretaria-academica\/"]}]},{"@type":"BreadcrumbList","@id":"https:\/\/faifaculdade.com.br\/portal\/secretaria-academica\/#breadcrumb","itemListElement":[{"@type":"ListItem","position":1,"name":"In\u00edcio","item":"https:\/\/faifaculdade.com.br\/portal\/"},{"@type":"ListItem","position":2,"name":"Secretaria Acad\u00eamica"}]},{"@type":"WebSite","@id":"https:\/\/faifaculdade.com.br\/portal\/#website","url":"https:\/\/faifaculdade.com.br\/portal\/","name":"FAI - Faculdade Irec\u00ea","description":"Portal da Faculdade Irec\u00ea","publisher":{"@id":"https:\/\/faifaculdade.com.br\/portal\/#organization"},"potentialAction":[{"@type":"SearchAction","target":{"@type":"EntryPoint","urlTemplate":"https:\/\/faifaculdade.com.br\/portal\/?s={search_term_string}"},"query-input":{"@type":"PropertyValueSpecification","valueRequired":true,"valueName":"search_term_string"}}],"inLanguage":"pt-BR"},{"@type":"Organization","@id":"https:\/\/faifaculdade.com.br\/portal\/#organization","name":"FAI - Faculdade Irec\u00ea","url":"https:\/\/faifaculdade.com.br\/portal\/","logo":{"@type":"ImageObject","inLanguage":"pt-BR","@id":"https:\/\/faifaculdade.com.br\/portal\/#\/schema\/logo\/image\/","url":"https:\/\/faifaculdade.com.br\/portal\/wp-content\/uploads\/2023\/04\/cropped-FAI.png","contentUrl":"https:\/\/faifaculdade.com.br\/portal\/wp-content\/uploads\/2023\/04\/cropped-FAI.png","width":3000,"height":1201,"caption":"FAI - Faculdade Irec\u00ea"},"image":{"@id":"https:\/\/faifaculdade.com.br\/portal\/#\/schema\/logo\/image\/"},"sameAs":["https:\/\/www.facebook.com\/faifaculdade","https:\/\/www.instagram.com\/faifaculdade\/"]}]}},"_links":{"self":[{"href":"https:\/\/faifaculdade.com.br\/portal\/wp-json\/wp\/v2\/pages\/2501","targetHints":{"allow":["GET"]}}],"collection":[{"href":"https:\/\/faifaculdade.com.br\/portal\/wp-json\/wp\/v2\/pages"}],"about":[{"href":"https:\/\/faifaculdade.com.br\/portal\/wp-json\/wp\/v2\/types\/page"}],"author":[{"embeddable":true,"href":"https:\/\/faifaculdade.com.br\/portal\/wp-json\/wp\/v2\/users\/1"}],"replies":[{"embeddable":true,"href":"https:\/\/faifaculdade.com.br\/portal\/wp-json\/wp\/v2\/comments?post=2501"}],"version-history":[{"count":5,"href":"https:\/\/faifaculdade.com.br\/portal\/wp-json\/wp\/v2\/pages\/2501\/revisions"}],"predecessor-version":[{"id":2565,"href":"https:\/\/faifaculdade.com.br\/portal\/wp-json\/wp\/v2\/pages\/2501\/revisions\/2565"}],"wp:attachment":[{"href":"https:\/\/faifaculdade.com.br\/portal\/wp-json\/wp\/v2\/media?parent=2501"}],"curies":[{"name":"wp","href":"https:\/\/api.w.org\/{rel}","templated":true}]}}